{"id":197,"date":"2012-10-25T23:34:20","date_gmt":"2012-10-25T22:34:20","guid":{"rendered":"http:\/\/localhost\/metier\/?page_id=197"},"modified":"2022-12-19T14:22:10","modified_gmt":"2022-12-19T13:22:10","slug":"ouvrage","status":"publish","type":"page","link":"http:\/\/www.atelierdesmetiers.com\/?page_id=197","title":{"rendered":"Ouvrages"},"content":{"rendered":"<div style=\"background-repeat: no-repeat;\">\n<div class=\"alignleft\" style=\"width: 50%;\">\n<p style=\"font-weight: 400; text-align: justify;\"><strong>Tirer parti des contraintes<\/strong> &#8211; contrainte + volont\u00e9 = Innovation. <\/p>\n<p style=\"font-weight: 400; text-align: justify;\">Cet ouvrage d\u00e9crit une m\u00e9thode simple et concr\u00e8te permettant de <strong> transformer nos contraintes en ressources<\/strong><\/p>\n<p>Chronique sociale, 2022, 84 pages.<\/p>\n<p><a href=\"https:\/\/www.chroniquesociale.com\/recherche?s=Fauconnier%20Dominique\" target=\"_blank\" rel=\"noopener noreferrer\">Commander par Chronique Sociale<\/a><\/p>\n<p><a href=\"https:\/\/www.fnac.com\/ia838864\/Dominique-Fauconnier\" target=\"_blank\" rel=\"noopener noreferrer\">Commander par la FNAC<\/a><\/p>\n\n<p style=\"font-weight: 400; text-align: justify;\">L\u2019id\u00e9e centrale de cette m\u00e9thode r\u00e9side dans le fait qu\u2019une contrainte peut \u00eatre utilis\u00e9e pour agir, de la m\u00eame fa\u00e7on qu\u2019avec un voilier nous savons utiliser l\u2019\u00e9nergie du vent pour le remonter. Si une contrainte s\u2019impose, rien n\u2019emp\u00eache de la travailler afin qu\u2019elle nous soit utile. Comment ? C\u2019est tout l\u2019objet de ce livre.<\/p>\n\n<p style=\"font-weight: 400; text-align: justify;\"><strong>\u00ab Tirer parti des contraintes \u00bb<\/strong> a pour objectif de montrer que toute contrainte rencontr\u00e9e peut alimenter cette dynamique que ceux qui pratiquent un m\u00e9tier connaissent intimement.<\/p>\n<\/div>\n\n\n\n<div class=\"alignleft\" style=\"width: 50%;\">&nbsp;<\/div>\n\n\n\n<div class=\"alignleft\" style=\"width: 50%\">&#8212;&#8212;&#8212;&#8212;&#8212;&#8212;&#8212;&#8212;&#8212;&#8212;&#8212;&#8212;&#8212;&#8212;&#8212;&#8212;&#8212;&#8212;&#8212;&#8212;&#8212;&#8212;&#8212;&#8212;&#8212;&#8212;-<\/div>\n\n\n\n<div style=\"margin-left: 63%; margin-top: 32px;\"><figure class=\"wp-block-image\"><a href=\"http:\/\/www.atelierdesmetiers.com\/wp-content\/uploads\/2022\/12\/Site-2_2-COUV-Tirer-parti.png\"><img decoding=\"async\" src=\"http:\/\/www.atelierdesmetiers.com\/wp-content\/uploads\/2022\/12\/Site-2_2-COUV-Tirer-parti.png\" alt=\"Sept techniques de formation novatrices\" width=\"200px\" class=\"wp-image-1071\"><\/a><\/figure><\/div>\n\n\n\n<div class=\"wp-block-columns is-layout-flex wp-container-core-columns-is-layout-9d6595d7 wp-block-columns-is-layout-flex\">\n<div class=\"wp-block-column is-layout-flow wp-block-column-is-layout-flow\" style=\"flex-basis:100%\">\n<!--more-->\n<\/div>\n<\/div>\n\n\n\n<div class=\"alignleft\" style=\"width: 50%;\">&nbsp;<\/div>\n\n\n\n<div class=\"alignleft\" style=\"width: 50%;\">\n<p style=\"font-weight: 400; text-align: justify;\">Les <strong>Sept techniques novatrices<\/strong> d\u00e9crites ici par Dominique Fauconnier (chapitres 4 \u00e0 10) sont le&nbsp;fruit des observations d\u2019un praticien de&nbsp;la formation&nbsp;et de l\u2019intervention. Elles sont destin\u00e9es \u00e0 outiller tout formateur ou intervenant qui cherche des dispositifs simples \u00e0 mettre en \u0153uvre pour compl\u00e9ter ses propres interventions.<\/p>\n<p style=\"font-weight: 400; text-align: justify;\">Pour chaque technique expos\u00e9e, l\u2019auteur propose un certain nombre de dispositifs, qui sont autant de \u00ab petits outils \u00bb faciles \u00e0 utiliser. De nombreux exemples sont donn\u00e9s pour en faciliter l\u2019acc\u00e8s.<\/p>\n<p>Chronique sociale, 2020, 270 pages.<\/p>\n<p><a href=\"https:\/\/www.chroniquesociale.com\/index.php?ID=1011992&amp;detailObjID=3009485&amp;detailResults=1012241&amp;dataType=cata&amp;keyWords=sept%20techniques\" target=\"_blank\" rel=\"noopener noreferrer\">Commander par Chronique Sociale<\/a><\/p>\n<p><a href=\"https:\/\/www.fnac.com\/ia838864\/Dominique-Fauconnier\" target=\"_blank\" rel=\"noopener noreferrer\">Commander par la FNAC<\/a><\/p>\n<p style=\"font-weight: 400; text-align: justify;\">Les chapitres 1 \u00e0 3, r\u00e9dig\u00e9s par St\u00e9phane Balas, sont destin\u00e9s \u00e0 situer ces pratiques dans les&nbsp;\u00e9volutions&nbsp;r\u00e9centes du m\u00e9tier de formateur. Fort de son expertise en science de la formation, St\u00e9phane&nbsp;Balas analyse avec finesse en quoi ces techniques&nbsp;peuvent aider les professionnels \u00e0 s\u2019adapter aux nouvelles demandes.<\/p>\n<p style=\"font-weight: 400; text-align: justify;\">Les chapitres 11 et 12, r\u00e9dig\u00e9s par Caroline&nbsp;Harfield-Palany, s\u2019appuient sur son exp\u00e9rience&nbsp;de&nbsp;praticienne de l\u2019accompagnement. Utilisatrice r\u00e9guli\u00e8re du support&nbsp;R\u00e9inventer son M\u00e9tier\u00a9, support associant les diff\u00e9rentes techniques pr\u00e9sent\u00e9es ici, elle a pu en mesurer&nbsp;l\u2019efficacit\u00e9. Elle donne de nombreux exemples et ajoute des r\u00e9flexions sur la pratique de son m\u00e9tier.<\/p>\n<\/div>\n\n\n\n<div style=\"margin-left: 63%; margin-top: 212px;\"><figure class=\"wp-block-image\"><a href=\"http:\/\/www.atelierdesmetiers.com\/wp-content\/uploads\/2020\/12\/Sept-techniques-1.jpg\"><img loading=\"lazy\" decoding=\"async\" width=\"203\" height=\"300\" src=\"http:\/\/www.atelierdesmetiers.com\/wp-content\/uploads\/2020\/12\/Sept-techniques-1-203x300.jpg\" alt=\"Sept techniques de formation novatrices\" class=\"wp-image-1071\" srcset=\"http:\/\/www.atelierdesmetiers.com\/wp-content\/uploads\/2020\/12\/Sept-techniques-1-203x300.jpg 203w, http:\/\/www.atelierdesmetiers.com\/wp-content\/uploads\/2020\/12\/Sept-techniques-1-691x1024.jpg 691w, http:\/\/www.atelierdesmetiers.com\/wp-content\/uploads\/2020\/12\/Sept-techniques-1-768x1138.jpg 768w, http:\/\/www.atelierdesmetiers.com\/wp-content\/uploads\/2020\/12\/Sept-techniques-1-1037x1536.jpg 1037w, http:\/\/www.atelierdesmetiers.com\/wp-content\/uploads\/2020\/12\/Sept-techniques-1.jpg 1296w\" sizes=\"auto, (max-width: 203px) 100vw, 203px\" \/><\/a><\/figure><\/div>\n\n\n\n<!--more-->\n\n\n\n<div class=\"alignleft\" style=\"width: 50%; margin-top: 40px;\"><hr>\n<p style=\"text-align: justify;\"><strong>R\u00e9inventer son M\u00e9tier\u00a9 <\/strong>permet de dresser de fa\u00e7on ludique une sorte d&rsquo;inventaire m\u00e9thodique des dimensions oubli\u00e9es du m\u00e9tier de chacun, de toutes ces dimensions <em>enfouies dans nos gestes<\/em> quotidiens et auxquelles nous ne pr\u00eatons pas toujours attention.<\/p>\n<p><em>R\u00e9inventer son m\u00e9tier\u00a9&nbsp;<\/em>associe un support fait de cartes sur lesquelles sont inscrits les noms des diff\u00e9rents m\u00e9tiers et une fa\u00e7on particuli\u00e8re d&rsquo;appr\u00e9hender ce qu&rsquo;est un M\u00e9tier.<\/p>\n<p>Chronique sociale, 2015, 64 pages.<\/p>\n<p><a href=\"http:\/\/www.chroniquesociale.com\/index.php?ID=1011991&amp;dataType=cata&amp;keyWords=r%C3%A9inventer+son+m%C3%A9tier&amp;x=9&amp;y=8\" target=\"_blank\" rel=\"noopener noreferrer\">Commander par Chronique Sociale<\/a><\/p>\n<p><a href=\"http:\/\/livre.fnac.com\/a7320042\/Dominique-Fauconnier-Reinventer-son-metier\" target=\"_blank\" rel=\"noopener noreferrer\">Commander par la FNAC<\/a><\/p>\n<p style=\"text-align: justify;\">L&rsquo;objectif est de cr\u00e9er de fa\u00e7on concr\u00e8te et rapide les favorables au d\u00e9clenchement d&rsquo;un questionnement pr\u00e9cis. En cherchant de nouvelles dimensions, parfois insoup\u00e7onn\u00e9es, de son propre m\u00e9tier et en cherchant \u00e0 les nommer, celui qui utilise R\u00e9inventer son m\u00e9tier\u00a9 est invit\u00e9 \u00e0 une exploration. Ce qui compte est ce qu&rsquo;il trouve plus ce qu&rsquo;il cherche.<\/p>\n<p style=\"text-align: justify;\">Cet ouvrage est un outil facilitant les d\u00e9marches de formation, l&rsquo;aide \u00e0 la recherche d&#8217;emploi ou d&rsquo;un nouveau m\u00e9tier, l&rsquo;accompagnement individualis\u00e9, la dynamisation des groupes ou la red\u00e9finition du m\u00e9tier des entreprises.<\/p>\n<p style=\"text-align: justify;\"><em>Ce livre-outil comporte un livret p\u00e9dagogique de 64 pages, une r\u00e8gle du jeu, un bloc de planches pr\u00e9d\u00e9coup\u00e9es (six groupes de m\u00e9tiers &#8211; 30 cartes par m\u00e9tier) permettent de construire deux jeux.<\/em><\/p>\n<\/div>\n\n\n\n<div>&nbsp;<\/div>\n\n\n\n<div>&nbsp;<\/div>\n\n\n\n<div>&nbsp;<\/div>\n\n\n\n<div>&nbsp;<\/div>\n\n\n\n<div style=\"margin-left: 63%; margin-top: 280px;\"><figure class=\"wp-block-image\"><a href=\"http:\/\/www.atelierdesmetiers.com\/wp-content\/uploads\/2015\/03\/Reinventer.jpg\"><img loading=\"lazy\" decoding=\"async\" width=\"202\" height=\"300\" src=\"http:\/\/www.atelierdesmetiers.com\/wp-content\/uploads\/2015\/03\/Reinventer-202x300.jpg\" alt=\"R\u00e9inventer son m\u00e9tier\u00a9\" class=\"wp-image-756\" srcset=\"http:\/\/www.atelierdesmetiers.com\/wp-content\/uploads\/2015\/03\/Reinventer-202x300.jpg 202w, http:\/\/www.atelierdesmetiers.com\/wp-content\/uploads\/2015\/03\/Reinventer.jpg 500w\" sizes=\"auto, (max-width: 202px) 100vw, 202px\" \/><\/a><\/figure><\/div>\n\n\n\n<div>&nbsp;<\/div>\n\n\n\n<div>&nbsp;<\/div>\n\n\n\n<div class=\"alignleft\" style=\"width: 50%; margin-top: 40px;\"><hr>\n<p style=\"text-align: justify;\"><strong>R\u00e8gles, M\u00e9tier et Processus.<\/strong><\/p>\n<p style=\"text-align: justify;\">Les ouvrages qui traitent de l&rsquo;entreprise et de sa performance mettent g\u00e9n\u00e9ralement l&rsquo;accent sur l&rsquo;organisation et proposent des mod\u00e8les r\u00e9put\u00e9s efficaces qu&rsquo;il suffit d&rsquo;appliquer pour obtenir d&rsquo;excellents r\u00e9sultats. Rien de tout cela ici. L&rsquo;ambition de ce livre n&rsquo;est pas de proposer des solutions toutes faites, mais une exploration \u00e0 travers prismes diff\u00e9rents rarement associ\u00e9s pour essayer de d\u00e9crire comment devrait fonctionner une entreprise: les r\u00e8gles, les processus et le m\u00e9tier. La confrontation de ces trois visions fait \u00e9merger des pistes de r\u00e9flexion et d&rsquo;action originales, potentiellement f\u00e9condes pour les dirigeants et leurs managers.<\/p>\n<p>L&rsquo;Harmattan, 2013, 172 pages.<\/p>\n<p><a title=\"Commander aux \u00e9ditions Harmattan\" href=\"http:\/\/www.editions-harmattan.fr\/index.asp?navig=catalogue&amp;obj=livre&amp;no=40848\" target=\"_blank\" rel=\"noopener noreferrer\">Commander par L&rsquo;Harmattan<\/a><\/p>\n<p><a href=\"http:\/\/livre.fnac.com\/a6241465\/Laurent-Chiozzotto-Regles-metier-et-processus\" target=\"_blank\" rel=\"noopener noreferrer\">Commander par la FNAC<\/a><\/p>\n<p style=\"text-align: justify;\">Les trois auteurs ne sont pas des th\u00e9oriciens de l&rsquo;entreprise, mais des praticiens qui commentent des cas concrets issus de leur propre exp\u00e9rience.<\/p>\n<p style=\"text-align: justify;\">Note sur les deux autres auteurs:<\/p>\n<p style=\"text-align: justify;\"><strong>Laurent Chiozzotto<\/strong> est pr\u00e9sident du club des explorateurs. Dans le cadre de son activit\u00e9 d&rsquo;ind\u00e9pendant, il accompagne de jeunes entreprises innovantes en les aidant \u00e0 mettre en place des r\u00e8gles pour \u00eatre plus efficaces.<\/p>\n<p style=\"text-align: justify;\"><strong>Michel Raquin<\/strong> est pr\u00e9sident du club des pilotes de processus et a mis en place avec succ\u00e8s une d\u00e9marche de pilotage par les processus lorsqu\u2019il \u00e9tait responsable de l&rsquo;organisation de LCL (Le Cr\u00e9dit Lyonnais)<\/p>\n<\/div>\n\n\n\n<div style=\"margin-left: 63%; margin-top: 360px;\">\n<a href=\"http:\/\/www.atelierdesmetiers.com\/wp-content\/uploads\/2012\/10\/957075308_L.jpg\"><\/a><figure class=\"wp-block-image\"><a href=\"http:\/\/www.atelierdesmetiers.com\/wp-content\/uploads\/2012\/10\/957075308_L.jpg\"><img loading=\"lazy\" decoding=\"async\" width=\"500\" height=\"500\" src=\"http:\/\/www.atelierdesmetiers.com\/wp-content\/uploads\/2012\/10\/957075308_L.jpg\" alt=\"\" class=\"wp-image-715\" srcset=\"http:\/\/www.atelierdesmetiers.com\/wp-content\/uploads\/2012\/10\/957075308_L.jpg 500w, http:\/\/www.atelierdesmetiers.com\/wp-content\/uploads\/2012\/10\/957075308_L-150x150.jpg 150w, http:\/\/www.atelierdesmetiers.com\/wp-content\/uploads\/2012\/10\/957075308_L-300x300.jpg 300w\" sizes=\"auto, (max-width: 500px) 100vw, 500px\" \/><\/a><\/figure>\n<\/div>\n\n\n\n<!--more-->\n\n\n\n<div class=\"alignleft\" style=\"width: 50%; margin-top: 40px;\"><hr>\n<p style=\"text-align: justify;\"><strong>Comment travailler ensemble<\/strong>, sept outils simples pour faire \u00e9merger du collectif, par Dominique Fauconnier et Annie Madri\u00e8res.<\/p>\n<p style=\"text-align: justify;\">Eyrolles, \u00c9ditions d\u2019Organisation, 2010, 132 pages.<\/p>\n<p><a title=\"Pour le commander sur le site de la Fnac\" href=\"http:\/\/recherche.fnac.com\/Search\/SearchResult.aspx?SCat=0%211&amp;Search=comment+travailler+ensemble+madri%C3%A8res+annie&amp;sft=1\" target=\"_blank\" rel=\"noopener noreferrer\">Commander par la FNAC <\/a><\/p>\n<p><a title=\"Pour le commander par Eyrolles\" href=\"http:\/\/www.eyrolles.com\/Entreprise\/Livre\/comment-travailler-ensemble-9782212545555\" target=\"_blank\" rel=\"noopener noreferrer\">Commander par Eyrolles <\/a><\/p>\n<p style=\"text-align: justify;\">Comment faire pour qu&rsquo;un groupe devienne une \u00e9quipe, et que les personnes se mettent \u00e0 v\u00e9ritablement travailler ensemble ? Comment b\u00e9n\u00e9ficier de l&rsquo;effet collectif dans une r\u00e9union, et ne pas en rester aux oppositions entre les personnes ? Certains managers y arrivent de mani\u00e8re intuitive, mais pour beaucoup, ce n&rsquo;est pas \u00e9vident. Cet ouvrage propose sept outils simples pour faire \u00e9merger des comportements collaboratifs au sein d&rsquo;une \u00e9quipe ou d&rsquo;un r\u00e9seau. Ces techniques, enti\u00e8rement originales, ont \u00e9t\u00e9 con\u00e7ues \u00e0 partir de l&rsquo;exp\u00e9rience du compagnonnage, de pratiques japonaises et d&rsquo;innovations r\u00e9centes en mati\u00e8re d&rsquo;\u00e9change professionnel. Toutes ont \u00e9t\u00e9 adapt\u00e9es pour convenir dans un contexte de travail classique.<\/p>\n<\/div>\n\n\n\n<div style=\"margin-left: 63%; margin-top: 420px;\"><figure class=\"wp-block-image\"><a href=\"http:\/\/www.atelierdesmetiers.com\/wp-content\/uploads\/2012\/10\/livre012.png\"><img decoding=\"async\" src=\"http:\/\/www.atelierdesmetiers.com\/wp-content\/uploads\/2012\/10\/livre012.png\" alt=\"visuel du livre - comment travailler ensemble\" width=\"200\" class=\"wp-image-344\" title=\"Comment travailler ensemble\" srcset=\"http:\/\/www.atelierdesmetiers.com\/wp-content\/uploads\/2012\/10\/livre012.png 318w, http:\/\/www.atelierdesmetiers.com\/wp-content\/uploads\/2012\/10\/livre012-196x300.png 196w\" sizes=\"(max-width: 318px) 100vw, 318px\" \/><\/a><\/figure><\/div>\n<\/div>","protected":false},"excerpt":{"rendered":"<p>Tirer parti des contraintes &#8211; contrainte + volont\u00e9 = Innovation. Cet ouvrage d\u00e9crit une m\u00e9thode simple et concr\u00e8te permettant de transformer nos contraintes en ressources Chronique sociale, 2022, 84 pages. Commander par Chronique Sociale Commander par la FNAC L\u2019id\u00e9e centrale &hellip; <a href=\"http:\/\/www.atelierdesmetiers.com\/?page_id=197\">Continuer la lecture <span class=\"meta-nav\">&rarr;<\/span><\/a><\/p>\n","protected":false},"author":2,"featured_media":0,"parent":10,"menu_order":0,"comment_status":"closed","ping_status":"closed","template":"","meta":{"footnotes":""},"class_list":["post-197","page","type-page","status-publish","hentry"],"_links":{"self":[{"href":"http:\/\/www.atelierdesmetiers.com\/index.php?rest_route=\/wp\/v2\/pages\/197","targetHints":{"allow":["GET"]}}],"collection":[{"href":"http:\/\/www.atelierdesmetiers.com\/index.php?rest_route=\/wp\/v2\/pages"}],"about":[{"href":"http:\/\/www.atelierdesmetiers.com\/index.php?rest_route=\/wp\/v2\/types\/page"}],"author":[{"embeddable":true,"href":"http:\/\/www.atelierdesmetiers.com\/index.php?rest_route=\/wp\/v2\/users\/2"}],"replies":[{"embeddable":true,"href":"http:\/\/www.atelierdesmetiers.com\/index.php?rest_route=%2Fwp%2Fv2%2Fcomments&post=197"}],"version-history":[{"count":2,"href":"http:\/\/www.atelierdesmetiers.com\/index.php?rest_route=\/wp\/v2\/pages\/197\/revisions"}],"predecessor-version":[{"id":1235,"href":"http:\/\/www.atelierdesmetiers.com\/index.php?rest_route=\/wp\/v2\/pages\/197\/revisions\/1235"}],"up":[{"embeddable":true,"href":"http:\/\/www.atelierdesmetiers.com\/index.php?rest_route=\/wp\/v2\/pages\/10"}],"wp:attachment":[{"href":"http:\/\/www.atelierdesmetiers.com\/index.php?rest_route=%2Fwp%2Fv2%2Fmedia&parent=197"}],"curies":[{"name":"wp","href":"https:\/\/api.w.org\/{rel}","templated":true}]}}